{"version":"1.0","provider_name":"Babavil\u00e1g","provider_url":"https:\/\/babavilag.cafeblog.hu","author_name":"Babavil\u00e1g","author_url":"https:\/\/babavilag.cafeblog.hu\/author\/babavilag\/","title":"Cs\u00fafol\u00f3d\u00e1s","html":"<strong>Majsi L\u00e1szl\u00f3 csal\u00e1dterapeuta besz\u00e9lt arr\u00f3l, mik\u00e9nt fogadj\u00e1k a gyermekek a cs\u00fafol\u00f3d\u00e1st.<\/strong>\r\n\r\n<em>\"Ilyen korban m\u00e9g nagyon \u0151szint\u00e9k, kritikusak \u00e9s kontroll n\u00e9lk\u00fcliek, sokszor a k\u00fcllemb\u0151l \u00e9s a viselked\u00e9sb\u0151l \u00edt\u00e9lkeznek.\"<\/em>\r\n\r\n<!--more-->\r\n\r\n<a href=\"https:\/\/babavilag.cafeblog.hu\/files\/2013\/04\/teasing.jpg\"><img class=\"alignnone size-full wp-image-151\" alt=\"\" src=\"https:\/\/babavilag.cafeblog.hu\/files\/2013\/04\/teasing.jpg\" width=\"600\" height=\"400\" \/><\/a>\r\n\r\n&nbsp;\r\n\r\n<em>\"Ha egy gyermeknek valamilyen olyan felt\u0171n\u0151 hib\u00e1ja van, ami zavarja \u0151t, ezt a zavarts\u00e1got a t\u00f6bbiek r\u00f6gt\u00f6n \u00e9szreveszik, \u00e9s belek\u00f6tnek, kics\u00fafolj\u00e1k. Ezt \u00fagy tudjuk megel\u0151zni, ha a kicsivel m\u00e1r otthon elfogadtatjuk saj\u00e1t mag\u00e1t \u00e9s a k\u00fcllembeli hib\u00e1j\u00e1t. De ha ez nagyon nehezen megy, vagy olyan esetekben, mikor a gyermeknek testi fogyat\u00e9koss\u00e1ga van, mindenk\u00e9pp szakember seg\u00edts\u00e9g\u00e9re van sz\u00fcks\u00e9g.\"<\/em>","type":"rich","thumbnail_url":"https:\/\/babavilag.cafeblog.hu\/files\/2013\/04\/teasing-150x150.jpg","thumbnail_width":150,"thumbnail_height":150}